{"id":2361,"date":"2023-03-02T19:13:37","date_gmt":"2023-03-02T19:13:37","guid":{"rendered":"https:\/\/climbingfestival-brixen.it\/destinazione\/"},"modified":"2023-10-11T09:45:01","modified_gmt":"2023-10-11T09:45:01","slug":"destinazione","status":"publish","type":"page","link":"https:\/\/climbingfestival-brixen.it\/it\/destinazione\/","title":{"rendered":"Destinazione"},"content":{"rendered":"\t\t<div data-elementor-type=\"wp-page\" data-elementor-id=\"2361\" class=\"elementor elementor-2361 elementor-882\" data-elementor-post-type=\"page\">\n\t\t\t\t\t\t<section class=\"elementor-section elementor-top-section elementor-element elementor-element-5f75fc8 elementor-section-height-min-height elementor-section-items-bottom elementor-section-boxed elementor-section-height-default\" data-id=\"5f75fc8\" data-element_type=\"section\" data-settings=\"{&quot;background_background&quot;:&quot;classic&quot;}\">\n\t\t\t\t\t\t\t<div class=\"elementor-background-overlay\"><\/div>\n\t\t\t\t\t\t\t<div class=\"elementor-container elementor-column-gap-default\">\n\t\t\t\t\t<div class=\"elementor-column elementor-col-50 elementor-top-column elementor-element elementor-element-4ada356\" data-id=\"4ada356\" data-element_type=\"column\">\n\t\t\t<div class=\"elementor-widget-wrap elementor-element-populated\">\n\t\t\t\t\t\t<div class=\"elementor-element elementor-element-0fbf483 elementor-widget elementor-widget-breadcrumbs\" data-id=\"0fbf483\" data-element_type=\"widget\" data-widget_type=\"breadcrumbs.default\">\n\t\t\t\t<div class=\"elementor-widget-container\">\n\t\t\t\t\t<p id=\"breadcrumbs\"><span><span><a href=\"https:\/\/climbingfestival-brixen.it\/it\/\">Startseite<\/a><\/span><\/span><\/p>\t\t\t\t<\/div>\n\t\t\t\t<\/div>\n\t\t\t\t<div class=\"elementor-element elementor-element-107446a elementor-widget elementor-widget-heading\" data-id=\"107446a\" data-element_type=\"widget\" data-widget_type=\"heading.default\">\n\t\t\t\t<div class=\"elementor-widget-container\">\n\t\t\t\t\t<h1 class=\"elementor-heading-title elementor-size-default\">Destinazione<\/h1>\t\t\t\t<\/div>\n\t\t\t\t<\/div>\n\t\t\t\t\t<\/div>\n\t\t<\/div>\n\t\t\t\t<div class=\"elementor-column elementor-col-50 elementor-top-column elementor-element elementor-element-1450441 elementor-hidden-tablet elementor-hidden-mobile\" data-id=\"1450441\" data-element_type=\"column\">\n\t\t\t<div class=\"elementor-widget-wrap\">\n\t\t\t\t\t\t\t<\/div>\n\t\t<\/div>\n\t\t\t\t\t<\/div>\n\t\t<\/section>\n\t\t\t\t<section class=\"elementor-section elementor-top-section elementor-element elementor-element-e814110 elementor-section-boxed elementor-section-height-default elementor-section-height-default\" data-id=\"e814110\" data-element_type=\"section\">\n\t\t\t\t\t\t<div class=\"elementor-container elementor-column-gap-default\">\n\t\t\t\t\t<div class=\"elementor-column elementor-col-50 elementor-top-column elementor-element elementor-element-04ff0f5\" data-id=\"04ff0f5\" data-element_type=\"column\">\n\t\t\t<div class=\"elementor-widget-wrap elementor-element-populated\">\n\t\t\t\t\t\t<div class=\"elementor-element elementor-element-668f9b1 elementor-widget__width-inherit elementor-widget-mobile__width-inherit elementor-widget elementor-widget-text-editor\" data-id=\"668f9b1\" data-element_type=\"widget\" data-widget_type=\"text-editor.default\">\n\t\t\t\t<div class=\"elementor-widget-container\">\n\t\t\t\t\t\t\t\t\t<h3>Bressanone &#8211; natura, sport e divertimento!<\/h3>\n<p>La pi\u00f9 antica citt\u00e0 del Tirolo si trova nel cuore delle Alpi, circondata dalle Dolomiti che invitano a fare escursioni, arrampicare e sciare. Bressanone crea una combinazione di modernit\u00e0 e tradizione, riconoscibile non solo nell&#8217;architettura, ma anche nel carattere della gente.<\/p>\n\t\t\t\t\t\t\t\t<\/div>\n\t\t\t\t<\/div>\n\t\t\t\t\t<\/div>\n\t\t<\/div>\n\t\t\t\t<div class=\"elementor-column elementor-col-50 elementor-top-column elementor-element elementor-element-5cfa427\" data-id=\"5cfa427\" data-element_type=\"column\">\n\t\t\t<div class=\"elementor-widget-wrap elementor-element-populated\">\n\t\t\t\t\t\t<div class=\"elementor-element elementor-element-27b899f elementor-widget elementor-widget-image\" data-id=\"27b899f\" data-element_type=\"widget\" data-widget_type=\"image.default\">\n\t\t\t\t<div class=\"elementor-widget-container\">\n\t\t\t\t\t\t\t\t\t\t\t\t\t\t\t<img fetchpriority=\"high\" decoding=\"async\" width=\"800\" height=\"597\" src=\"https:\/\/climbingfestival-brixen.it\/wp-content\/uploads\/2023\/10\/Climbinfestival-Brixen-Logo-Compact.jpg\" class=\"attachment-large size-large wp-image-3878\" alt=\"\" srcset=\"https:\/\/climbingfestival-brixen.it\/wp-content\/uploads\/2023\/10\/Climbinfestival-Brixen-Logo-Compact.jpg 1000w, https:\/\/climbingfestival-brixen.it\/wp-content\/uploads\/2023\/10\/Climbinfestival-Brixen-Logo-Compact-300x224.jpg 300w, https:\/\/climbingfestival-brixen.it\/wp-content\/uploads\/2023\/10\/Climbinfestival-Brixen-Logo-Compact-768x573.jpg 768w\" sizes=\"(max-width: 800px) 100vw, 800px\" \/>\t\t\t\t\t\t\t\t\t\t\t\t\t\t\t<\/div>\n\t\t\t\t<\/div>\n\t\t\t\t<div class=\"elementor-element elementor-element-aaf5c92 elementor-widget__width-auto elementor-hidden-desktop elementor-hidden-tablet elementor-hidden-mobile elementor-widget elementor-widget-html\" data-id=\"aaf5c92\" data-element_type=\"widget\" data-widget_type=\"html.default\">\n\t\t\t\t<div class=\"elementor-widget-container\">\n\t\t\t\t\t<div class=\"fuz-heading-container\">\r\n    <span class=\"fuz-bwc-schriftzug\"><strong>Boulder<br\/> World Cup<\/strong><br  \/><span style=\"font-weight: 500;\">\u00b423 Brixen<br \/> 9.\u201311.6.<\/span><\/span>\r\n    <img decoding=\"async\" class=\"fuz-half-circle-img\" src=\"\/wp-content\/uploads\/2023\/03\/fuz-half.png\">\r\n    \r\n    <img decoding=\"async\" class=\"fuz-circle-img\" src=\"\/wp-content\/uploads\/2023\/03\/fuz-circle.png\">\r\n     <img decoding=\"async\" class=\"fuz-rect-img\" src=\"\/wp-content\/uploads\/2023\/03\/fuz-rectangle.png\">\r\n    \r\n    \r\n<\/div>\t\t\t\t<\/div>\n\t\t\t\t<\/div>\n\t\t\t\t\t<\/div>\n\t\t<\/div>\n\t\t\t\t\t<\/div>\n\t\t<\/section>\n\t\t\t\t<section class=\"elementor-section elementor-top-section elementor-element elementor-element-d5b4dc6 elementor-section-boxed elementor-section-height-default elementor-section-height-default\" data-id=\"d5b4dc6\" data-element_type=\"section\">\n\t\t\t\t\t\t<div class=\"elementor-container elementor-column-gap-default\">\n\t\t\t\t\t<div class=\"elementor-column elementor-col-100 elementor-top-column elementor-element elementor-element-c2737eb\" data-id=\"c2737eb\" data-element_type=\"column\">\n\t\t\t<div class=\"elementor-widget-wrap elementor-element-populated\">\n\t\t\t\t\t\t<div class=\"elementor-element elementor-element-bbbccc1 elementor-widget elementor-widget-image\" data-id=\"bbbccc1\" data-element_type=\"widget\" data-widget_type=\"image.default\">\n\t\t\t\t<div class=\"elementor-widget-container\">\n\t\t\t\t\t\t\t\t\t\t\t\t\t\t\t<img decoding=\"async\" width=\"1536\" height=\"1226\" src=\"https:\/\/climbingfestival-brixen.it\/wp-content\/uploads\/2023\/03\/45289739055_73eb723777_o-1536x1226.jpg\" class=\"attachment-1536x1536 size-1536x1536 wp-image-1788\" alt=\"\" srcset=\"https:\/\/climbingfestival-brixen.it\/wp-content\/uploads\/2023\/03\/45289739055_73eb723777_o-1536x1226.jpg 1536w, https:\/\/climbingfestival-brixen.it\/wp-content\/uploads\/2023\/03\/45289739055_73eb723777_o-300x240.jpg 300w, https:\/\/climbingfestival-brixen.it\/wp-content\/uploads\/2023\/03\/45289739055_73eb723777_o-1024x818.jpg 1024w, https:\/\/climbingfestival-brixen.it\/wp-content\/uploads\/2023\/03\/45289739055_73eb723777_o-768x613.jpg 768w, https:\/\/climbingfestival-brixen.it\/wp-content\/uploads\/2023\/03\/45289739055_73eb723777_o.jpg 1920w\" sizes=\"(max-width: 1536px) 100vw, 1536px\" \/>\t\t\t\t\t\t\t\t\t\t\t\t\t\t\t<\/div>\n\t\t\t\t<\/div>\n\t\t\t\t\t<\/div>\n\t\t<\/div>\n\t\t\t\t\t<\/div>\n\t\t<\/section>\n\t\t\t\t<section class=\"elementor-section elementor-top-section elementor-element elementor-element-82b04ee elementor-section-boxed elementor-section-height-default elementor-section-height-default\" data-id=\"82b04ee\" data-element_type=\"section\">\n\t\t\t\t\t\t<div class=\"elementor-container elementor-column-gap-default\">\n\t\t\t\t\t<div class=\"elementor-column elementor-col-50 elementor-top-column elementor-element elementor-element-4311b22\" data-id=\"4311b22\" data-element_type=\"column\">\n\t\t\t<div class=\"elementor-widget-wrap elementor-element-populated\">\n\t\t\t\t\t\t<div class=\"elementor-element elementor-element-393c0ff elementor-widget__width-inherit elementor-widget-mobile__width-inherit elementor-widget elementor-widget-text-editor\" data-id=\"393c0ff\" data-element_type=\"widget\" data-widget_type=\"text-editor.default\">\n\t\t\t\t<div class=\"elementor-widget-container\">\n\t\t\t\t\t\t\t\t\t<p><img decoding=\"async\" class=\"background-shape\" src=\"https:\/\/climbingfestival-brixen.it\/wp-content\/uploads\/2023\/03\/fuz-half.png\" alt=\"\" width=\"154\" height=\"152\" \/><strong>Bressanone \u00e8 una citt\u00e0 sportiva:<\/strong> non solo l&#8217;arrampicata ha una lunga tradizione qui, ma anche la pallamano, il ciclismo e naturalmente gli sport invernali. Le montagne che circondano la conca invitano a praticare attivit\u00e0 sportive. 427 km di sentieri escursionistici conducono dalla citt\u00e0 alle montagne. Sciare sui pendii soleggiati della Plose su piste perfettamente preparate, con le imponenti montagne delle Dolomiti in vista. Con quasi 2.000 ore di sole all&#8217;anno, la vostra vacanza a Bressanone e dintorni sar\u00e0 un&#8217;esperienza indimenticabile in qualsiasi periodo dell&#8217;anno.<\/p>\n\t\t\t\t\t\t\t\t<\/div>\n\t\t\t\t<\/div>\n\t\t\t\t\t<\/div>\n\t\t<\/div>\n\t\t\t\t<div class=\"elementor-column elementor-col-50 elementor-top-column elementor-element elementor-element-a42b01b\" data-id=\"a42b01b\" data-element_type=\"column\">\n\t\t\t<div class=\"elementor-widget-wrap elementor-element-populated\">\n\t\t\t\t\t\t<div class=\"elementor-element elementor-element-f6a3c05 elementor-widget elementor-widget-image\" data-id=\"f6a3c05\" data-element_type=\"widget\" data-widget_type=\"image.default\">\n\t\t\t\t<div class=\"elementor-widget-container\">\n\t\t\t\t\t\t\t\t\t\t\t\t<figure class=\"wp-caption\">\n\t\t\t\t\t\t\t\t\t\t<img loading=\"lazy\" decoding=\"async\" width=\"768\" height=\"512\" src=\"https:\/\/climbingfestival-brixen.it\/wp-content\/uploads\/2023\/03\/44386066430_b6bea48e44_o-768x512.jpg\" class=\"attachment-medium_large size-medium_large wp-image-1795\" alt=\"\" srcset=\"https:\/\/climbingfestival-brixen.it\/wp-content\/uploads\/2023\/03\/44386066430_b6bea48e44_o-768x512.jpg 768w, https:\/\/climbingfestival-brixen.it\/wp-content\/uploads\/2023\/03\/44386066430_b6bea48e44_o-300x200.jpg 300w, https:\/\/climbingfestival-brixen.it\/wp-content\/uploads\/2023\/03\/44386066430_b6bea48e44_o.jpg 1024w\" sizes=\"(max-width: 768px) 100vw, 768px\" \/>\t\t\t\t\t\t\t\t\t\t\t<figcaption class=\"widget-image-caption wp-caption-text\">(c) Kottersteger_Brixen Tourismus_078_plose_ski<\/figcaption>\n\t\t\t\t\t\t\t\t\t\t<\/figure>\n\t\t\t\t\t\t\t\t\t<\/div>\n\t\t\t\t<\/div>\n\t\t\t\t\t<\/div>\n\t\t<\/div>\n\t\t\t\t\t<\/div>\n\t\t<\/section>\n\t\t\t\t<section class=\"elementor-section elementor-top-section elementor-element elementor-element-564eb04 elementor-section-boxed elementor-section-height-default elementor-section-height-default\" data-id=\"564eb04\" data-element_type=\"section\">\n\t\t\t\t\t\t<div class=\"elementor-container elementor-column-gap-default\">\n\t\t\t\t\t<div class=\"elementor-column elementor-col-100 elementor-top-column elementor-element elementor-element-8492be9\" data-id=\"8492be9\" data-element_type=\"column\">\n\t\t\t<div class=\"elementor-widget-wrap elementor-element-populated\">\n\t\t\t\t\t\t<div class=\"elementor-element elementor-element-52024fa elementor-widget elementor-widget-gallery\" data-id=\"52024fa\" data-element_type=\"widget\" data-settings=\"{&quot;gallery_layout&quot;:&quot;justified&quot;,&quot;ideal_row_height&quot;:{&quot;unit&quot;:&quot;px&quot;,&quot;size&quot;:497,&quot;sizes&quot;:[]},&quot;ideal_row_height_tablet&quot;:{&quot;unit&quot;:&quot;px&quot;,&quot;size&quot;:330,&quot;sizes&quot;:[]},&quot;ideal_row_height_mobile&quot;:{&quot;unit&quot;:&quot;px&quot;,&quot;size&quot;:336,&quot;sizes&quot;:[]},&quot;gap&quot;:{&quot;unit&quot;:&quot;px&quot;,&quot;size&quot;:20,&quot;sizes&quot;:[]},&quot;gap_mobile&quot;:{&quot;unit&quot;:&quot;px&quot;,&quot;size&quot;:92,&quot;sizes&quot;:[]},&quot;overlay_description&quot;:&quot;description&quot;,&quot;lazyload&quot;:&quot;yes&quot;,&quot;gap_tablet&quot;:{&quot;unit&quot;:&quot;px&quot;,&quot;size&quot;:10,&quot;sizes&quot;:[]}}\" data-widget_type=\"gallery.default\">\n\t\t\t\t<div class=\"elementor-widget-container\">\n\t\t\t\t\t\t\t<div class=\"elementor-gallery__container\">\n\t\t\t\t\t\t\t<div class=\"e-gallery-item elementor-gallery-item\">\n\t\t\t\t\t<div class=\"e-gallery-image elementor-gallery-item__image\" data-thumbnail=\"https:\/\/climbingfestival-brixen.it\/wp-content\/uploads\/2023\/03\/45478978854_f0217c48d1_o.jpg\" data-width=\"1920\" data-height=\"1280\" aria-label=\"\" role=\"img\" ><\/div>\n\t\t\t\t\t\t\t\t\t\t\t\t\t\t\t<div class=\"elementor-gallery-item__content\">\n\t\t\t\t\t\t\t\t\t\t\t\t\t\t<div class=\"elementor-gallery-item__description\">\n\t\t\t\t\t\t\t\t\t\t\t\t\t\t\t\t\t\t(c) Kottersteger_Brixen Tourismus_Plose Wandern 1\t\t\t\t\t\t\t\t<\/div>\n\t\t\t\t\t\t\t\t\t\t\t\t<\/div>\n\t\t\t\t\t\t\t\t\t<\/div>\n\t\t\t\t\t\t\t<div class=\"e-gallery-item elementor-gallery-item\">\n\t\t\t\t\t<div class=\"e-gallery-image elementor-gallery-item__image\" data-thumbnail=\"https:\/\/climbingfestival-brixen.it\/wp-content\/uploads\/2023\/03\/45478397654_97e95b0dc5_o.jpg\" data-width=\"720\" data-height=\"1080\" aria-label=\"\" role=\"img\" ><\/div>\n\t\t\t\t\t\t\t\t\t\t\t\t\t\t\t<div class=\"elementor-gallery-item__content\">\n\t\t\t\t\t\t\t\t\t\t\t\t\t\t<div class=\"elementor-gallery-item__description\">\n\t\t\t\t\t\t\t\t\t\t\t\t\t\t\t\t\t\t(c) Kottersteger_069_brixebBike\t\t\t\t\t\t\t\t<\/div>\n\t\t\t\t\t\t\t\t\t\t\t\t<\/div>\n\t\t\t\t\t\t\t\t\t<\/div>\n\t\t\t\t\t<\/div>\n\t\t\t\t\t<\/div>\n\t\t\t\t<\/div>\n\t\t\t\t\t<\/div>\n\t\t<\/div>\n\t\t\t\t\t<\/div>\n\t\t<\/section>\n\t\t\t\t<section class=\"elementor-section elementor-top-section elementor-element elementor-element-2664da2 elementor-section-boxed elementor-section-height-default elementor-section-height-default\" data-id=\"2664da2\" data-element_type=\"section\">\n\t\t\t\t\t\t<div class=\"elementor-container elementor-column-gap-default\">\n\t\t\t\t\t<div class=\"elementor-column elementor-col-50 elementor-top-column elementor-element elementor-element-e3cda08\" data-id=\"e3cda08\" data-element_type=\"column\">\n\t\t\t<div class=\"elementor-widget-wrap elementor-element-populated\">\n\t\t\t\t\t\t<div class=\"elementor-element elementor-element-38027ff elementor-widget__width-inherit elementor-widget-mobile__width-inherit elementor-widget elementor-widget-text-editor\" data-id=\"38027ff\" data-element_type=\"widget\" data-widget_type=\"text-editor.default\">\n\t\t\t\t<div class=\"elementor-widget-container\">\n\t\t\t\t\t\t\t\t\t<p><img loading=\"lazy\" decoding=\"async\" class=\"background-shape\" src=\"https:\/\/climbingfestival-brixen.it\/wp-content\/uploads\/2023\/03\/fuz-rectangle.png\" alt=\"\" width=\"223\" height=\"132\" \/>Dopo l&#8217;attivit\u00e0 sportiva, vi aspetta l&#8217;ospitalit\u00e0 di Bressanone. Davanti a un bicchiere di vino bianco, raccolto dalle uve delle vigne circostanti, conoscerete e amerete l&#8217;ospitalit\u00e0 altoatesina. In nessun altro luogo \u00e8 possibile conoscere le tradizioni, le usanze e le ricette segrete dell&#8217;Alto Adige come davanti a un buon bicchiere di Sylvaner e a un piatto locale in un ambiente accogliente.<\/p>\n\t\t\t\t\t\t\t\t<\/div>\n\t\t\t\t<\/div>\n\t\t\t\t\t<\/div>\n\t\t<\/div>\n\t\t\t\t<div class=\"elementor-column elementor-col-50 elementor-top-column elementor-element elementor-element-3c9a156\" data-id=\"3c9a156\" data-element_type=\"column\">\n\t\t\t<div class=\"elementor-widget-wrap elementor-element-populated\">\n\t\t\t\t\t\t<div class=\"elementor-element elementor-element-590dd7a elementor-widget elementor-widget-image\" data-id=\"590dd7a\" data-element_type=\"widget\" data-widget_type=\"image.default\">\n\t\t\t\t<div class=\"elementor-widget-container\">\n\t\t\t\t\t\t\t\t\t\t\t\t<figure class=\"wp-caption\">\n\t\t\t\t\t\t\t\t\t\t<img loading=\"lazy\" decoding=\"async\" width=\"768\" height=\"512\" src=\"https:\/\/climbingfestival-brixen.it\/wp-content\/uploads\/2023\/03\/45290024915_c8b86e2330_o-768x512.jpg\" class=\"attachment-medium_large size-medium_large wp-image-1831\" alt=\"\" srcset=\"https:\/\/climbingfestival-brixen.it\/wp-content\/uploads\/2023\/03\/45290024915_c8b86e2330_o-768x512.jpg 768w, https:\/\/climbingfestival-brixen.it\/wp-content\/uploads\/2023\/03\/45290024915_c8b86e2330_o-300x200.jpg 300w, https:\/\/climbingfestival-brixen.it\/wp-content\/uploads\/2023\/03\/45290024915_c8b86e2330_o.jpg 1024w\" sizes=\"(max-width: 768px) 100vw, 768px\" \/>\t\t\t\t\t\t\t\t\t\t\t<figcaption class=\"widget-image-caption wp-caption-text\">(c) Helmut Moling 20<\/figcaption>\n\t\t\t\t\t\t\t\t\t\t<\/figure>\n\t\t\t\t\t\t\t\t\t<\/div>\n\t\t\t\t<\/div>\n\t\t\t\t\t<\/div>\n\t\t<\/div>\n\t\t\t\t\t<\/div>\n\t\t<\/section>\n\t\t\t\t<section class=\"elementor-section elementor-top-section elementor-element elementor-element-8781f07 elementor-section-boxed elementor-section-height-default elementor-section-height-default\" data-id=\"8781f07\" data-element_type=\"section\">\n\t\t\t\t\t\t<div class=\"elementor-container elementor-column-gap-default\">\n\t\t\t\t\t<div class=\"elementor-column elementor-col-66 elementor-top-column elementor-element elementor-element-1b944c8\" data-id=\"1b944c8\" data-element_type=\"column\">\n\t\t\t<div class=\"elementor-widget-wrap elementor-element-populated\">\n\t\t\t\t\t\t<div class=\"elementor-element elementor-element-f653f4d elementor-widget elementor-widget-image\" data-id=\"f653f4d\" data-element_type=\"widget\" data-widget_type=\"image.default\">\n\t\t\t\t<div class=\"elementor-widget-container\">\n\t\t\t\t\t\t\t\t\t\t\t\t\t\t\t<img loading=\"lazy\" decoding=\"async\" width=\"1536\" height=\"1034\" src=\"https:\/\/climbingfestival-brixen.it\/wp-content\/uploads\/2023\/03\/396_WM_211203_0498_RP_Jaist-1536x1034.jpg\" class=\"attachment-1536x1536 size-1536x1536 wp-image-1840\" alt=\"\" srcset=\"https:\/\/climbingfestival-brixen.it\/wp-content\/uploads\/2023\/03\/396_WM_211203_0498_RP_Jaist-1536x1034.jpg 1536w, https:\/\/climbingfestival-brixen.it\/wp-content\/uploads\/2023\/03\/396_WM_211203_0498_RP_Jaist-300x202.jpg 300w, https:\/\/climbingfestival-brixen.it\/wp-content\/uploads\/2023\/03\/396_WM_211203_0498_RP_Jaist-1024x689.jpg 1024w, https:\/\/climbingfestival-brixen.it\/wp-content\/uploads\/2023\/03\/396_WM_211203_0498_RP_Jaist-768x517.jpg 768w, https:\/\/climbingfestival-brixen.it\/wp-content\/uploads\/2023\/03\/396_WM_211203_0498_RP_Jaist.jpg 1920w\" sizes=\"(max-width: 1536px) 100vw, 1536px\" \/>\t\t\t\t\t\t\t\t\t\t\t\t\t\t\t<\/div>\n\t\t\t\t<\/div>\n\t\t\t\t\t<\/div>\n\t\t<\/div>\n\t\t\t\t<div class=\"elementor-column elementor-col-33 elementor-top-column elementor-element elementor-element-c8695f5\" data-id=\"c8695f5\" data-element_type=\"column\">\n\t\t\t<div class=\"elementor-widget-wrap elementor-element-populated\">\n\t\t\t\t\t\t<div class=\"elementor-element elementor-element-3527891 elementor-widget elementor-widget-image\" data-id=\"3527891\" data-element_type=\"widget\" data-widget_type=\"image.default\">\n\t\t\t\t<div class=\"elementor-widget-container\">\n\t\t\t\t\t\t\t\t\t\t\t\t\t\t\t<img loading=\"lazy\" decoding=\"async\" width=\"800\" height=\"534\" src=\"https:\/\/climbingfestival-brixen.it\/wp-content\/uploads\/2023\/03\/DSC_6846_opt.jpg\" class=\"attachment-large size-large wp-image-2166\" alt=\"\" srcset=\"https:\/\/climbingfestival-brixen.it\/wp-content\/uploads\/2023\/03\/DSC_6846_opt.jpg 1024w, https:\/\/climbingfestival-brixen.it\/wp-content\/uploads\/2023\/03\/DSC_6846_opt-300x200.jpg 300w, https:\/\/climbingfestival-brixen.it\/wp-content\/uploads\/2023\/03\/DSC_6846_opt-768x513.jpg 768w\" sizes=\"(max-width: 800px) 100vw, 800px\" \/>\t\t\t\t\t\t\t\t\t\t\t\t\t\t\t<\/div>\n\t\t\t\t<\/div>\n\t\t\t\t<div class=\"elementor-element elementor-element-d1bfc24 elementor-widget elementor-widget-image\" data-id=\"d1bfc24\" data-element_type=\"widget\" data-widget_type=\"image.default\">\n\t\t\t\t<div class=\"elementor-widget-container\">\n\t\t\t\t\t\t\t\t\t\t\t\t\t\t\t<img loading=\"lazy\" decoding=\"async\" width=\"800\" height=\"534\" src=\"https:\/\/climbingfestival-brixen.it\/wp-content\/uploads\/2023\/03\/Drohne-Acquarena-Fotos_000002_opt.jpg\" class=\"attachment-large size-large wp-image-2169\" alt=\"\" srcset=\"https:\/\/climbingfestival-brixen.it\/wp-content\/uploads\/2023\/03\/Drohne-Acquarena-Fotos_000002_opt.jpg 1024w, https:\/\/climbingfestival-brixen.it\/wp-content\/uploads\/2023\/03\/Drohne-Acquarena-Fotos_000002_opt-300x200.jpg 300w, https:\/\/climbingfestival-brixen.it\/wp-content\/uploads\/2023\/03\/Drohne-Acquarena-Fotos_000002_opt-768x512.jpg 768w\" sizes=\"(max-width: 800px) 100vw, 800px\" \/>\t\t\t\t\t\t\t\t\t\t\t\t\t\t\t<\/div>\n\t\t\t\t<\/div>\n\t\t\t\t\t<\/div>\n\t\t<\/div>\n\t\t\t\t\t<\/div>\n\t\t<\/section>\n\t\t\t\t<section class=\"elementor-section elementor-top-section elementor-element elementor-element-8a1b4ad elementor-section-boxed elementor-section-height-default elementor-section-height-default\" data-id=\"8a1b4ad\" data-element_type=\"section\">\n\t\t\t\t\t\t<div class=\"elementor-container elementor-column-gap-default\">\n\t\t\t\t\t<div class=\"elementor-column elementor-col-50 elementor-top-column elementor-element elementor-element-fea11d6\" data-id=\"fea11d6\" data-element_type=\"column\">\n\t\t\t<div class=\"elementor-widget-wrap elementor-element-populated\">\n\t\t\t\t\t\t<div class=\"elementor-element elementor-element-f109190 elementor-widget__width-inherit elementor-widget-mobile__width-inherit elementor-widget elementor-widget-text-editor\" data-id=\"f109190\" data-element_type=\"widget\" data-widget_type=\"text-editor.default\">\n\t\t\t\t<div class=\"elementor-widget-container\">\n\t\t\t\t\t\t\t\t\t<p><img loading=\"lazy\" decoding=\"async\" class=\"background-shape\" src=\"https:\/\/climbingfestival-brixen.it\/wp-content\/uploads\/2023\/03\/fuz-circle.png\" alt=\"\" width=\"105\" height=\"105\" \/><strong>Il centro di arrampicata Vertikale<\/strong> si trova nel centro del paese e vi invita a fare una passeggiata nel centro storico, con tanto di pausa cappuccino! La piscina &#8220;Aquarena&#8221; \u00e8 direttamente adiacente al centro di arrampicata e offre p\u00f3 di rinfresco dopo una faticosa giornata di arrampicata o una passeggiata in citt\u00e0.<\/p>\n<p>Ma Bressanone ha molto altro da offrire. Ulteriori informazioni sono disponibili qui:<strong> <span style=\"text-decoration: underline;\"><a href=\"https:\/\/www.brixen.org\" target=\"_blank\" rel=\"noopener\">www.brixen.org<\/a><\/span><\/strong><\/p>\n\t\t\t\t\t\t\t\t<\/div>\n\t\t\t\t<\/div>\n\t\t\t\t\t<\/div>\n\t\t<\/div>\n\t\t\t\t<div class=\"elementor-column elementor-col-50 elementor-top-column elementor-element elementor-element-dd41f9a\" data-id=\"dd41f9a\" data-element_type=\"column\">\n\t\t\t<div class=\"elementor-widget-wrap elementor-element-populated\">\n\t\t\t\t\t\t<div class=\"elementor-element elementor-element-25d7a81 elementor-widget elementor-widget-image\" data-id=\"25d7a81\" data-element_type=\"widget\" data-widget_type=\"image.default\">\n\t\t\t\t<div class=\"elementor-widget-container\">\n\t\t\t\t\t\t\t\t\t\t\t\t\t\t\t<img loading=\"lazy\" decoding=\"async\" width=\"768\" height=\"512\" src=\"https:\/\/climbingfestival-brixen.it\/wp-content\/uploads\/2023\/03\/BoulderhalleBrixen-768x512.jpg\" class=\"attachment-medium_large size-medium_large wp-image-1926\" alt=\"\" srcset=\"https:\/\/climbingfestival-brixen.it\/wp-content\/uploads\/2023\/03\/BoulderhalleBrixen-768x512.jpg 768w, https:\/\/climbingfestival-brixen.it\/wp-content\/uploads\/2023\/03\/BoulderhalleBrixen-300x200.jpg 300w, https:\/\/climbingfestival-brixen.it\/wp-content\/uploads\/2023\/03\/BoulderhalleBrixen.jpg 1024w\" sizes=\"(max-width: 768px) 100vw, 768px\" \/>\t\t\t\t\t\t\t\t\t\t\t\t\t\t\t<\/div>\n\t\t\t\t<\/div>\n\t\t\t\t\t<\/div>\n\t\t<\/div>\n\t\t\t\t\t<\/div>\n\t\t<\/section>\n\t\t\t\t<section class=\"elementor-section elementor-top-section elementor-element elementor-element-e6b7296 elementor-hidden-desktop elementor-hidden-tablet elementor-hidden-mobile elementor-section-boxed elementor-section-height-default elementor-section-height-default\" data-id=\"e6b7296\" data-element_type=\"section\">\n\t\t\t\t\t\t<div class=\"elementor-container elementor-column-gap-default\">\n\t\t\t\t\t<div class=\"elementor-column elementor-col-100 elementor-top-column elementor-element elementor-element-6e3345d\" data-id=\"6e3345d\" data-element_type=\"column\">\n\t\t\t<div class=\"elementor-widget-wrap elementor-element-populated\">\n\t\t\t\t\t\t<div class=\"elementor-element elementor-element-9130503 elementor-widget elementor-widget-image\" data-id=\"9130503\" data-element_type=\"widget\" data-widget_type=\"image.default\">\n\t\t\t\t<div class=\"elementor-widget-container\">\n\t\t\t\t\t\t\t\t\t\t\t\t\t\t\t\t<a href=\"https:\/\/climbingfestival-brixen.it\/wp-content\/uploads\/2023\/03\/vertikale-area-map.jpg\" data-elementor-open-lightbox=\"yes\" data-e-action-hash=\"#elementor-action%3Aaction%3Dlightbox%26settings%3DeyJpZCI6MTkzMiwidXJsIjoiaHR0cHM6XC9cL2NsaW1iaW5nZmVzdGl2YWwtYnJpeGVuLml0XC93cC1jb250ZW50XC91cGxvYWRzXC8yMDIzXC8wM1wvdmVydGlrYWxlLWFyZWEtbWFwLmpwZyJ9\">\n\t\t\t\t\t\t\t<img loading=\"lazy\" decoding=\"async\" width=\"1920\" height=\"1356\" src=\"https:\/\/climbingfestival-brixen.it\/wp-content\/uploads\/2023\/03\/vertikale-area-map.jpg\" class=\"attachment-full size-full wp-image-1932\" alt=\"\" srcset=\"https:\/\/climbingfestival-brixen.it\/wp-content\/uploads\/2023\/03\/vertikale-area-map.jpg 1920w, https:\/\/climbingfestival-brixen.it\/wp-content\/uploads\/2023\/03\/vertikale-area-map-300x212.jpg 300w, https:\/\/climbingfestival-brixen.it\/wp-content\/uploads\/2023\/03\/vertikale-area-map-1024x723.jpg 1024w, https:\/\/climbingfestival-brixen.it\/wp-content\/uploads\/2023\/03\/vertikale-area-map-768x542.jpg 768w, https:\/\/climbingfestival-brixen.it\/wp-content\/uploads\/2023\/03\/vertikale-area-map-1536x1085.jpg 1536w\" sizes=\"(max-width: 1920px) 100vw, 1920px\" \/>\t\t\t\t\t\t\t\t<\/a>\n\t\t\t\t\t\t\t\t\t\t\t\t\t\t\t<\/div>\n\t\t\t\t<\/div>\n\t\t\t\t\t<\/div>\n\t\t<\/div>\n\t\t\t\t\t<\/div>\n\t\t<\/section>\n\t\t\t\t<\/div>\n\t\t","protected":false},"excerpt":{"rendered":"<p>Destinazione Bressanone &#8211; natura, sport e divertimento! La pi\u00f9 antica citt\u00e0 del Tirolo si trova nel cuore delle Alpi, circondata dalle Dolomiti che invitano a fare escursioni, arrampicare e sciare. Bressanone crea una combinazione di modernit\u00e0 e tradizione, riconoscibile non solo nell&#8217;architettura, ma anche nel carattere della gente. Boulder World Cup\u00b423 Brixen 9.\u201311.6. Bressanone \u00e8 [&hellip;]<\/p>\n","protected":false},"author":1,"featured_media":1788,"parent":0,"menu_order":0,"comment_status":"closed","ping_status":"closed","template":"","meta":{"_acf_changed":false,"footnotes":""},"class_list":["post-2361","page","type-page","status-publish","has-post-thumbnail","hentry"],"acf":[],"yoast_head":"<!-- This site is optimized with the Yoast SEO plugin v26.6 - https:\/\/yoast.com\/wordpress\/plugins\/seo\/ -->\n<title>Destinazione - Climbingfestival Brixen<\/title>\n<meta name=\"robots\" content=\"index, follow, max-snippet:-1, max-image-preview:large, max-video-preview:-1\" \/>\n<link rel=\"canonical\" href=\"https:\/\/climbingfestival-brixen.it\/it\/destinazione\/\" \/>\n<meta property=\"og:locale\" content=\"it_IT\" \/>\n<meta property=\"og:type\" content=\"article\" \/>\n<meta property=\"og:title\" content=\"Destinazione - Climbingfestival Brixen\" \/>\n<meta property=\"og:description\" content=\"Destinazione Bressanone &#8211; natura, sport e divertimento! La pi\u00f9 antica citt\u00e0 del Tirolo si trova nel cuore delle Alpi, circondata dalle Dolomiti che invitano a fare escursioni, arrampicare e sciare. Bressanone crea una combinazione di modernit\u00e0 e tradizione, riconoscibile non solo nell&#8217;architettura, ma anche nel carattere della gente. Boulder World Cup\u00b423 Brixen 9.\u201311.6. Bressanone \u00e8 [&hellip;]\" \/>\n<meta property=\"og:url\" content=\"https:\/\/climbingfestival-brixen.it\/it\/destinazione\/\" \/>\n<meta property=\"og:site_name\" content=\"Climbingfestival Brixen\" \/>\n<meta property=\"article:modified_time\" content=\"2023-10-11T09:45:01+00:00\" \/>\n<meta property=\"og:image\" content=\"https:\/\/climbingfestival-brixen.it\/wp-content\/uploads\/2023\/03\/45289739055_73eb723777_o.jpg\" \/>\n\t<meta property=\"og:image:width\" content=\"1920\" \/>\n\t<meta property=\"og:image:height\" content=\"1533\" \/>\n\t<meta property=\"og:image:type\" content=\"image\/jpeg\" \/>\n<meta name=\"twitter:card\" content=\"summary_large_image\" \/>\n<meta name=\"twitter:label1\" content=\"Tempo di lettura stimato\" \/>\n\t<meta name=\"twitter:data1\" content=\"1 minuto\" \/>\n<script type=\"application\/ld+json\" class=\"yoast-schema-graph\">{\"@context\":\"https:\/\/schema.org\",\"@graph\":[{\"@type\":\"WebPage\",\"@id\":\"https:\/\/climbingfestival-brixen.it\/it\/destinazione\/\",\"url\":\"https:\/\/climbingfestival-brixen.it\/it\/destinazione\/\",\"name\":\"Destinazione - Climbingfestival Brixen\",\"isPartOf\":{\"@id\":\"https:\/\/climbingfestival-brixen.it\/it\/#website\"},\"primaryImageOfPage\":{\"@id\":\"https:\/\/climbingfestival-brixen.it\/it\/destinazione\/#primaryimage\"},\"image\":{\"@id\":\"https:\/\/climbingfestival-brixen.it\/it\/destinazione\/#primaryimage\"},\"thumbnailUrl\":\"https:\/\/climbingfestival-brixen.it\/wp-content\/uploads\/2023\/03\/45289739055_73eb723777_o.jpg\",\"datePublished\":\"2023-03-02T19:13:37+00:00\",\"dateModified\":\"2023-10-11T09:45:01+00:00\",\"breadcrumb\":{\"@id\":\"https:\/\/climbingfestival-brixen.it\/it\/destinazione\/#breadcrumb\"},\"inLanguage\":\"it-IT\",\"potentialAction\":[{\"@type\":\"ReadAction\",\"target\":[\"https:\/\/climbingfestival-brixen.it\/it\/destinazione\/\"]}]},{\"@type\":\"ImageObject\",\"inLanguage\":\"it-IT\",\"@id\":\"https:\/\/climbingfestival-brixen.it\/it\/destinazione\/#primaryimage\",\"url\":\"https:\/\/climbingfestival-brixen.it\/wp-content\/uploads\/2023\/03\/45289739055_73eb723777_o.jpg\",\"contentUrl\":\"https:\/\/climbingfestival-brixen.it\/wp-content\/uploads\/2023\/03\/45289739055_73eb723777_o.jpg\",\"width\":1920,\"height\":1533},{\"@type\":\"BreadcrumbList\",\"@id\":\"https:\/\/climbingfestival-brixen.it\/it\/destinazione\/#breadcrumb\",\"itemListElement\":[{\"@type\":\"ListItem\",\"position\":1,\"name\":\"Startseite\",\"item\":\"https:\/\/climbingfestival-brixen.it\/it\/\"},{\"@type\":\"ListItem\",\"position\":2,\"name\":\"Destinazione\"}]},{\"@type\":\"WebSite\",\"@id\":\"https:\/\/climbingfestival-brixen.it\/it\/#website\",\"url\":\"https:\/\/climbingfestival-brixen.it\/it\/\",\"name\":\"Climbingfestival Brixen\",\"description\":\"\",\"publisher\":{\"@id\":\"https:\/\/climbingfestival-brixen.it\/it\/#organization\"},\"potentialAction\":[{\"@type\":\"SearchAction\",\"target\":{\"@type\":\"EntryPoint\",\"urlTemplate\":\"https:\/\/climbingfestival-brixen.it\/it\/?s={search_term_string}\"},\"query-input\":{\"@type\":\"PropertyValueSpecification\",\"valueRequired\":true,\"valueName\":\"search_term_string\"}}],\"inLanguage\":\"it-IT\"},{\"@type\":\"Organization\",\"@id\":\"https:\/\/climbingfestival-brixen.it\/it\/#organization\",\"name\":\"Climbingfestival Brixen\",\"url\":\"https:\/\/climbingfestival-brixen.it\/it\/\",\"logo\":{\"@type\":\"ImageObject\",\"inLanguage\":\"it-IT\",\"@id\":\"https:\/\/climbingfestival-brixen.it\/it\/#\/schema\/logo\/image\/\",\"url\":\"https:\/\/climbingfestival-brixen.it\/wp-content\/uploads\/2023\/01\/Climbingfestival-Brixen-Logo-Web.png\",\"contentUrl\":\"https:\/\/climbingfestival-brixen.it\/wp-content\/uploads\/2023\/01\/Climbingfestival-Brixen-Logo-Web.png\",\"width\":900,\"height\":273,\"caption\":\"Climbingfestival Brixen\"},\"image\":{\"@id\":\"https:\/\/climbingfestival-brixen.it\/it\/#\/schema\/logo\/image\/\"}}]}<\/script>\n<!-- \/ Yoast SEO plugin. -->","yoast_head_json":{"title":"Destinazione - Climbingfestival Brixen","robots":{"index":"index","follow":"follow","max-snippet":"max-snippet:-1","max-image-preview":"max-image-preview:large","max-video-preview":"max-video-preview:-1"},"canonical":"https:\/\/climbingfestival-brixen.it\/it\/destinazione\/","og_locale":"it_IT","og_type":"article","og_title":"Destinazione - Climbingfestival Brixen","og_description":"Destinazione Bressanone &#8211; natura, sport e divertimento! La pi\u00f9 antica citt\u00e0 del Tirolo si trova nel cuore delle Alpi, circondata dalle Dolomiti che invitano a fare escursioni, arrampicare e sciare. Bressanone crea una combinazione di modernit\u00e0 e tradizione, riconoscibile non solo nell&#8217;architettura, ma anche nel carattere della gente. Boulder World Cup\u00b423 Brixen 9.\u201311.6. Bressanone \u00e8 [&hellip;]","og_url":"https:\/\/climbingfestival-brixen.it\/it\/destinazione\/","og_site_name":"Climbingfestival Brixen","article_modified_time":"2023-10-11T09:45:01+00:00","og_image":[{"width":1920,"height":1533,"url":"https:\/\/climbingfestival-brixen.it\/wp-content\/uploads\/2023\/03\/45289739055_73eb723777_o.jpg","type":"image\/jpeg"}],"twitter_card":"summary_large_image","twitter_misc":{"Tempo di lettura stimato":"1 minuto"},"schema":{"@context":"https:\/\/schema.org","@graph":[{"@type":"WebPage","@id":"https:\/\/climbingfestival-brixen.it\/it\/destinazione\/","url":"https:\/\/climbingfestival-brixen.it\/it\/destinazione\/","name":"Destinazione - Climbingfestival Brixen","isPartOf":{"@id":"https:\/\/climbingfestival-brixen.it\/it\/#website"},"primaryImageOfPage":{"@id":"https:\/\/climbingfestival-brixen.it\/it\/destinazione\/#primaryimage"},"image":{"@id":"https:\/\/climbingfestival-brixen.it\/it\/destinazione\/#primaryimage"},"thumbnailUrl":"https:\/\/climbingfestival-brixen.it\/wp-content\/uploads\/2023\/03\/45289739055_73eb723777_o.jpg","datePublished":"2023-03-02T19:13:37+00:00","dateModified":"2023-10-11T09:45:01+00:00","breadcrumb":{"@id":"https:\/\/climbingfestival-brixen.it\/it\/destinazione\/#breadcrumb"},"inLanguage":"it-IT","potentialAction":[{"@type":"ReadAction","target":["https:\/\/climbingfestival-brixen.it\/it\/destinazione\/"]}]},{"@type":"ImageObject","inLanguage":"it-IT","@id":"https:\/\/climbingfestival-brixen.it\/it\/destinazione\/#primaryimage","url":"https:\/\/climbingfestival-brixen.it\/wp-content\/uploads\/2023\/03\/45289739055_73eb723777_o.jpg","contentUrl":"https:\/\/climbingfestival-brixen.it\/wp-content\/uploads\/2023\/03\/45289739055_73eb723777_o.jpg","width":1920,"height":1533},{"@type":"BreadcrumbList","@id":"https:\/\/climbingfestival-brixen.it\/it\/destinazione\/#breadcrumb","itemListElement":[{"@type":"ListItem","position":1,"name":"Startseite","item":"https:\/\/climbingfestival-brixen.it\/it\/"},{"@type":"ListItem","position":2,"name":"Destinazione"}]},{"@type":"WebSite","@id":"https:\/\/climbingfestival-brixen.it\/it\/#website","url":"https:\/\/climbingfestival-brixen.it\/it\/","name":"Climbingfestival Brixen","description":"","publisher":{"@id":"https:\/\/climbingfestival-brixen.it\/it\/#organization"},"potentialAction":[{"@type":"SearchAction","target":{"@type":"EntryPoint","urlTemplate":"https:\/\/climbingfestival-brixen.it\/it\/?s={search_term_string}"},"query-input":{"@type":"PropertyValueSpecification","valueRequired":true,"valueName":"search_term_string"}}],"inLanguage":"it-IT"},{"@type":"Organization","@id":"https:\/\/climbingfestival-brixen.it\/it\/#organization","name":"Climbingfestival Brixen","url":"https:\/\/climbingfestival-brixen.it\/it\/","logo":{"@type":"ImageObject","inLanguage":"it-IT","@id":"https:\/\/climbingfestival-brixen.it\/it\/#\/schema\/logo\/image\/","url":"https:\/\/climbingfestival-brixen.it\/wp-content\/uploads\/2023\/01\/Climbingfestival-Brixen-Logo-Web.png","contentUrl":"https:\/\/climbingfestival-brixen.it\/wp-content\/uploads\/2023\/01\/Climbingfestival-Brixen-Logo-Web.png","width":900,"height":273,"caption":"Climbingfestival Brixen"},"image":{"@id":"https:\/\/climbingfestival-brixen.it\/it\/#\/schema\/logo\/image\/"}}]}},"_links":{"self":[{"href":"https:\/\/climbingfestival-brixen.it\/it\/wp-json\/wp\/v2\/pages\/2361","targetHints":{"allow":["GET"]}}],"collection":[{"href":"https:\/\/climbingfestival-brixen.it\/it\/wp-json\/wp\/v2\/pages"}],"about":[{"href":"https:\/\/climbingfestival-brixen.it\/it\/wp-json\/wp\/v2\/types\/page"}],"author":[{"embeddable":true,"href":"https:\/\/climbingfestival-brixen.it\/it\/wp-json\/wp\/v2\/users\/1"}],"replies":[{"embeddable":true,"href":"https:\/\/climbingfestival-brixen.it\/it\/wp-json\/wp\/v2\/comments?post=2361"}],"version-history":[{"count":5,"href":"https:\/\/climbingfestival-brixen.it\/it\/wp-json\/wp\/v2\/pages\/2361\/revisions"}],"predecessor-version":[{"id":3901,"href":"https:\/\/climbingfestival-brixen.it\/it\/wp-json\/wp\/v2\/pages\/2361\/revisions\/3901"}],"wp:featuredmedia":[{"embeddable":true,"href":"https:\/\/climbingfestival-brixen.it\/it\/wp-json\/wp\/v2\/media\/1788"}],"wp:attachment":[{"href":"https:\/\/climbingfestival-brixen.it\/it\/wp-json\/wp\/v2\/media?parent=2361"}],"curies":[{"name":"wp","href":"https:\/\/api.w.org\/{rel}","templated":true}]}}